{"id":860,"date":"2022-07-07T19:43:02","date_gmt":"2022-07-07T17:43:02","guid":{"rendered":"http:\/\/tissuetales.net\/?post_type=envira&#038;p=860"},"modified":"2023-03-27T02:03:01","modified_gmt":"2023-03-27T00:03:01","slug":"bauchtaschen-belly-bags","status":"publish","type":"envira","link":"https:\/\/tissuetales.net\/fr\/envira\/bauchtaschen-belly-bags\/","title":{"rendered":"Bauchtaschen"},"author":1,"featured_media":0,"template":"","class_list":["post-860","envira","type-envira","status-publish","hentry"],"gallery_data":{"id":860,"config":{"type":"default","columns":"0","gallery_theme":"base","justified_margins":30,"gutter":25,"margin":25,"image_size":"default","crop_width":640,"crop_height":480,"crop":0,"lazy_loading":0,"lazy_loading_delay":500,"justified_row_height":400,"lightbox_enabled":1,"gallery_link_enabled":0,"lightbox_theme":"base","lightbox_image_size":"woocommerce_single","title_display":"float","classes":[""],"rtl":0,"title":"Bauchtaschen","slug":"bauchtaschen-belly-bags","layout":"automatic","justified_last_row":"nojustify","square_size":300,"crop_position":"c","additional_copy_0":0,"additional_copy_title":0,"additional_copy_caption":0,"additional_copy_title_caption":0,"additional_copy_0_mobile":0,"additional_copy_title_mobile":0,"additional_copy_caption_mobile":0,"additional_copy_title_caption_mobile":0,"gallery_column_title_caption":"caption","gallery_column_title_caption_mobile":"0","additional_copy_automatic_0":0,"additional_copy_automatic_title":0,"additional_copy_automatic_caption":0,"additional_copy_automatic_title_caption":0,"additional_copy_automatic_0_mobile":0,"additional_copy_automatic_title_mobile":0,"additional_copy_automatic_caption_mobile":0,"additional_copy_automatic_title_caption_mobile":0,"gallery_automatic_title_caption":"caption","gallery_automatic_title_caption_mobile":"caption","description_position":"0","description":"","random":"0","sort_order":"0","sorting_direction":"ASC","image_sizes_random":[],"isotope":0,"lightbox_title_caption":"caption","arrows":1,"arrows_position":"inside","toolbar":0,"toolbar_title":0,"toolbar_position":"top","loop":1,"lightbox_open_close_effect":"fade","effect":"fade","supersize":1,"thumbnails_toggle":0,"thumbnails_hide":0,"image_counter":0,"thumbnails":0,"thumbnails_width":75,"thumbnails_height":50,"thumbnails_position":"bottom","thumbnails_custom_size":0,"mobile":1,"mobile_width":0,"mobile_height":0,"mobile_lightbox":0,"mobile_gallery_link_enabled":0,"mobile_arrows":1,"mobile_toolbar":0,"mobile_thumbnails":0,"mobile_touchwipe_close":0,"mobile_thumbnails_width":75,"mobile_thumbnails_height":240,"mobile_justified_row_height":300,"keyboard":true,"standalone_template":"","justified_gallery_theme":false},"gallery":[{"status":"active","src":"https:\/\/tissuetales.net\/wp-content\/uploads\/2022\/10\/Belly_Bag_Yellow_Mask-1024x768.jpg","title":"Belly_Bag_Yellow_Mask","link":"https:\/\/tissuetales.net\/wp-content\/uploads\/2022\/10\/Belly_Bag_Yellow_Mask-scaled.jpg","alt":"Gelbe Belly Bag bestens verarbeitet","caption":"Sch\u00f6n weich und ger\u00e4umig","thumb":"","id":1772,"height":768,"width":1024},{"status":"active","src":"https:\/\/tissuetales.net\/wp-content\/uploads\/2022\/10\/Belly_Bag_Yellow_Mask_open-1024x768.jpg","title":"Belly_Bag_Yellow_Mask_open","link":"https:\/\/tissuetales.net\/wp-content\/uploads\/2022\/10\/Belly_Bag_Yellow_Mask_open-scaled.jpg","alt":"Innen ist die gelbe Belly Bag mit grauem Faso dan Fani gef\u00fcttert, eine Innentasche bietet Platz f\u00fcr Ausweis oder Schl\u00fcssel","caption":"Futter und Innentasche aus grauem Faso dan Fani","thumb":"","id":1771,"height":768,"width":1024},{"status":"active","src":"https:\/\/tissuetales.net\/wp-content\/uploads\/2022\/10\/Belly_Bag_Yellow_Mask_back-1024x768.jpg","title":"Belly_Bag_Yellow_Mask_back","link":"https:\/\/tissuetales.net\/wp-content\/uploads\/2022\/10\/Belly_Bag_Yellow_Mask_back-scaled.jpg","alt":"Belly Bag aus Faso dan Fani mit Stickerei","caption":"Gelbe Belly Bag aus Faso dan Fani","thumb":"","id":1770,"height":768,"width":1024},{"status":"active","src":"https:\/\/tissuetales.net\/wp-content\/uploads\/2022\/10\/Belly_Bag_Nature-768x1024.jpg","title":"Belly_Bag_Nature","link":"https:\/\/tissuetales.net\/wp-content\/uploads\/2022\/10\/Belly_Bag_Nature-scaled.jpg","alt":"Die dunkelgraue Belly Bag Nature hat einen verstellbaren Gurt mit einem besonders sch\u00f6nen Webmuster, passend zum naturfarbenen Futter.","caption":"Belly Bag Nature mit dezent gemustertem Gurt","thumb":"","id":1783,"height":1024,"width":768},{"status":"active","src":"https:\/\/tissuetales.net\/wp-content\/uploads\/2022\/10\/Belly_Bag_Nature_open-768x1024.jpg","title":"Belly_Bag_Nature_open","link":"https:\/\/tissuetales.net\/wp-content\/uploads\/2022\/10\/Belly_Bag_Nature_open-scaled.jpg","alt":"Kleine Bauchtasche aus Faso dan Fani in grau und natur","caption":"Genug Platz f\u00fcr Handy und Geldbeutel","thumb":"","id":1782,"height":1024,"width":768},{"status":"active","src":"https:\/\/tissuetales.net\/wp-content\/uploads\/2022\/10\/Belly_Bag_Kokocurry-768x1024.jpg","title":"Belly_Bag_Kokocurry","link":"https:\/\/tissuetales.net\/wp-content\/uploads\/2022\/10\/Belly_Bag_Kokocurry-scaled.jpg","alt":"Belly Bag Kokocurry: violette Batikstreifen auf ockerfarbigem Hintergrund.","caption":"Die Belly Bag Kokocurry aus Kokodunda","thumb":"","id":1779,"height":1024,"width":768},{"status":"active","src":"https:\/\/tissuetales.net\/wp-content\/uploads\/2022\/10\/Belly_Bag_Kokocurry_open-768x1024.jpg","title":"Belly_Bag_Kokocurry_open","link":"https:\/\/tissuetales.net\/wp-content\/uploads\/2022\/10\/Belly_Bag_Kokocurry_open-scaled.jpg","alt":"Belly Bag Kokocurry mit Leinenfutter in flieder","caption":"Belly Bag Kokokurry mit Leinenfutter","thumb":"","id":1778,"height":1024,"width":768},{"status":"active","src":"https:\/\/tissuetales.net\/wp-content\/uploads\/2022\/10\/Belly_Bag_Green-768x1024.jpg","title":"Belly_Bag_Green","link":"https:\/\/tissuetales.net\/wp-content\/uploads\/2022\/10\/Belly_Bag_Green-scaled.jpg","alt":"Die Belly Bag Green besticht mit gr\u00fcnen, schwarzen und petrolfarbenen Rauten.","caption":"Die Belly Bag Green war einmal ein Herrenhemd.","thumb":"","id":1777,"height":1024,"width":768},{"status":"active","src":"https:\/\/tissuetales.net\/wp-content\/uploads\/2022\/10\/Belly_Bag_Green_open-768x1024.jpg","title":"Belly_Bag_Green_open","link":"https:\/\/tissuetales.net\/wp-content\/uploads\/2022\/10\/Belly_Bag_Green_open-scaled.jpg","alt":"Die Belly Bag Green zeigt innen ein sch\u00f6nes petrolfarbened Futter und eine Innentasche mit dem Rautenmuster der Au\u00dfenseite.","caption":"Belly Bag Green von innen","thumb":"","id":1776,"height":1024,"width":768},{"status":"active","src":"https:\/\/tissuetales.net\/wp-content\/uploads\/2022\/10\/Belly_Bag_Green_belt-768x1024.jpg","title":"Belly_Bag_Green_belt","link":"https:\/\/tissuetales.net\/wp-content\/uploads\/2022\/10\/Belly_Bag_Green_belt-scaled.jpg","alt":"Alt und neu: Der Gurt der Belly Bag Green ist mit gebrauchten und neuen \u00d6sen ausgestattet.","caption":"Gurtl\u00f6sung von Belly Bag Green aus alten und neuen Teilen","thumb":"","id":1775,"height":1024,"width":768},{"status":"active","src":"https:\/\/tissuetales.net\/wp-content\/uploads\/2022\/10\/Belly_Bag_Burkina-768x1024.jpg","title":"Belly_Bag_Burkina","link":"https:\/\/tissuetales.net\/wp-content\/uploads\/2022\/10\/Belly_Bag_Burkina-scaled.jpg","alt":"Belly Bag aus Faso dan Fani in Regenbogenfarben","caption":"Buntgewebter Stoff f\u00fcr Deine Belly Bag ","thumb":"","id":1774,"height":1024,"width":768},{"status":"active","src":"https:\/\/tissuetales.net\/wp-content\/uploads\/2022\/10\/Belly_Bag_Burkina_open-768x1024.jpg","title":"Belly_Bag_Burkina_open","link":"https:\/\/tissuetales.net\/wp-content\/uploads\/2022\/10\/Belly_Bag_Burkina_open-scaled.jpg","alt":"Die Regenbogen-Tasche von innen mit petrolfarbenem Futter und Innentasche","caption":"Belly Bag Burkina mit farbenfroher Innenausstattung ","thumb":"","id":1773,"height":1024,"width":768}]},"_links":{"self":[{"href":"https:\/\/tissuetales.net\/fr\/wp-json\/wp\/v2\/envira-gallery\/860","targetHints":{"allow":["GET"]}}],"collection":[{"href":"https:\/\/tissuetales.net\/fr\/wp-json\/wp\/v2\/envira-gallery"}],"about":[{"href":"https:\/\/tissuetales.net\/fr\/wp-json\/wp\/v2\/types\/envira"}],"author":[{"embeddable":true,"href":"https:\/\/tissuetales.net\/fr\/wp-json\/wp\/v2\/users\/1"}],"wp:attachment":[{"href":"https:\/\/tissuetales.net\/fr\/wp-json\/wp\/v2\/media?parent=860"}],"curies":[{"name":"wp","href":"https:\/\/api.w.org\/{rel}","templated":true}]}}